{"id":300,"date":"2024-02-26T02:10:28","date_gmt":"2024-02-26T02:10:28","guid":{"rendered":"http:\/\/itineris.org.ar\/web\/?page_id=300"},"modified":"2024-03-17T00:32:47","modified_gmt":"2024-03-17T00:32:47","slug":"familias","status":"publish","type":"page","link":"https:\/\/itineris.org.ar\/web\/familias\/","title":{"rendered":"&#8211; Familias &#8211;"},"content":{"rendered":"<p>[et_pb_section fb_built=\u00bb1&#8243; disabled_on=\u00bbon|on|off\u00bb _builder_version=\u00bb4.24.0&#8243; _module_preset=\u00bbdefault\u00bb background_color=\u00bb#0a0a0a\u00bb background_video_mp4=\u00bbhttp:\/\/itineris.org.ar\/web\/wp-content\/uploads\/2024\/02\/Blue-Green-Screen-Gradient-Background-Animation-Stock-Video.mp4&#8243; custom_padding=\u00bb0px||167px|||\u00bb bottom_divider_style=\u00bbwave2&#8243; bottom_divider_color=\u00bb#FFFFFF\u00bb locked=\u00bboff\u00bb global_colors_info=\u00bb{}\u00bb][et_pb_row column_structure=\u00bb1_2,1_2&#8243; _builder_version=\u00bb4.24.0&#8243; _module_preset=\u00bbdefault\u00bb global_colors_info=\u00bb{}\u00bb][et_pb_column type=\u00bb1_2&#8243; _builder_version=\u00bb4.24.0&#8243; _module_preset=\u00bbdefault\u00bb global_colors_info=\u00bb{}\u00bb][et_pb_text _builder_version=\u00bb4.24.0&#8243; _module_preset=\u00bbdefault\u00bb header_font=\u00bb|700|||||||\u00bb header_text_color=\u00bb#FFFFFF\u00bb header_font_size=\u00bb38px\u00bb transform_translate=\u00bb-114px|188px\u00bb transform_translate_linked=\u00bboff\u00bb animation_style=\u00bbslide\u00bb animation_direction=\u00bbbottom\u00bb global_colors_info=\u00bb{}\u00bb]<\/p>\n<h1>Biblioteca multimedia<\/h1>\n<p>[\/et_pb_text][\/et_pb_column][et_pb_column type=\u00bb1_2&#8243; _builder_version=\u00bb4.24.0&#8243; _module_preset=\u00bbdefault\u00bb global_colors_info=\u00bb{}\u00bb][et_pb_image src=\u00bbhttp:\/\/itineris.org.ar\/web\/wp-content\/uploads\/2024\/03\/biblioteca_dig2.png\u00bb _builder_version=\u00bb4.24.2&#8243; _module_preset=\u00bbdefault\u00bb transform_scale=\u00bb154%|154%\u00bb transform_translate=\u00bb0px|30px\u00bb transform_translate_linked=\u00bboff\u00bb hover_enabled=\u00bb0&#8243; global_colors_info=\u00bb{}\u00bb sticky_enabled=\u00bb0&#8243;][\/et_pb_image][\/et_pb_column][\/et_pb_row][\/et_pb_section][et_pb_section fb_built=\u00bb1&#8243; disabled_on=\u00bboff|off|on\u00bb _builder_version=\u00bb4.24.0&#8243; _module_preset=\u00bbdefault\u00bb background_color=\u00bb#0a0a0a\u00bb background_video_mp4=\u00bbhttp:\/\/itineris.org.ar\/web\/wp-content\/uploads\/2024\/02\/Blue-Green-Screen-Gradient-Background-Animation-Stock-Video.mp4&#8243; custom_padding=\u00bb0px||167px|||\u00bb bottom_divider_style=\u00bbwave2&#8243; bottom_divider_color=\u00bb#FFFFFF\u00bb locked=\u00bboff\u00bb global_colors_info=\u00bb{}\u00bb][et_pb_row column_structure=\u00bb1_3,1_3,1_3&#8243; _builder_version=\u00bb4.24.0&#8243; _module_preset=\u00bbdefault\u00bb global_colors_info=\u00bb{}\u00bb][et_pb_column type=\u00bb1_3&#8243; _builder_version=\u00bb4.24.0&#8243; _module_preset=\u00bbdefault\u00bb global_colors_info=\u00bb{}\u00bb][et_pb_text _builder_version=\u00bb4.24.0&#8243; _module_preset=\u00bbdefault\u00bb header_font=\u00bb|700|||||||\u00bb header_text_color=\u00bb#FFFFFF\u00bb transform_translate=\u00bb18px|16px\u00bb transform_translate_linked=\u00bboff\u00bb animation_style=\u00bbslide\u00bb animation_direction=\u00bbbottom\u00bb global_colors_info=\u00bb{}\u00bb]<\/p>\n<h1>Biblioteca multimedia<\/h1>\n<p>[\/et_pb_text][\/et_pb_column][et_pb_column type=\u00bb1_3&#8243; _builder_version=\u00bb4.24.0&#8243; _module_preset=\u00bbdefault\u00bb global_colors_info=\u00bb{}\u00bb][\/et_pb_column][et_pb_column type=\u00bb1_3&#8243; _builder_version=\u00bb4.24.0&#8243; _module_preset=\u00bbdefault\u00bb global_colors_info=\u00bb{}\u00bb][et_pb_image src=\u00bbhttp:\/\/itineris.org.ar\/web\/wp-content\/uploads\/2024\/03\/biblioteca_dig2.png\u00bb _builder_version=\u00bb4.24.2&#8243; _module_preset=\u00bbdefault\u00bb transform_scale=\u00bb154%|154%\u00bb transform_translate=\u00bb0px|30px\u00bb transform_translate_linked=\u00bboff\u00bb hover_enabled=\u00bb0&#8243; global_colors_info=\u00bb{}\u00bb sticky_enabled=\u00bb0&#8243;][\/et_pb_image][\/et_pb_column][\/et_pb_row][\/et_pb_section][et_pb_section fb_built=\u00bb1&#8243; _builder_version=\u00bb4.24.0&#8243; _module_preset=\u00bbdefault\u00bb custom_padding=\u00bb||14px|||\u00bb global_colors_info=\u00bb{}\u00bb][et_pb_row _builder_version=\u00bb4.24.0&#8243; _module_preset=\u00bbdefault\u00bb custom_padding=\u00bb0px|||||\u00bb global_colors_info=\u00bb{}\u00bb][et_pb_column type=\u00bb4_4&#8243; _builder_version=\u00bb4.24.0&#8243; _module_preset=\u00bbdefault\u00bb global_colors_info=\u00bb{}\u00bb][et_pb_text _builder_version=\u00bb4.24.0&#8243; _module_preset=\u00bbdefault\u00bb text_text_color=\u00bb#000000&#8243; text_font_size=\u00bb20px\u00bb text_line_height=\u00bb1.8em\u00bb global_colors_info=\u00bb{}\u00bb]<\/p>\n<h1 style=\"text-align: center;\"><strong>Familias<\/strong><\/h1>\n<p>[\/et_pb_text][\/et_pb_column][\/et_pb_row][\/et_pb_section][et_pb_section fb_built=\u00bb1&#8243; _builder_version=\u00bb4.24.0&#8243; _module_preset=\u00bbdefault\u00bb global_colors_info=\u00bb{}\u00bb][et_pb_row column_structure=\u00bb1_3,1_3,1_3&#8243; _builder_version=\u00bb4.24.0&#8243; _module_preset=\u00bbdefault\u00bb global_colors_info=\u00bb{}\u00bb][et_pb_column type=\u00bb1_3&#8243; _builder_version=\u00bb4.24.0&#8243; _module_preset=\u00bbdefault\u00bb global_colors_info=\u00bb{}\u00bb][et_pb_text _builder_version=\u00bb4.24.0&#8243; _module_preset=\u00bbdefault\u00bb header_4_line_height=\u00bb1.2em\u00bb global_colors_info=\u00bb{}\u00bb]<\/p>\n<h4 style=\"text-align: center;\"><strong>Familia y discapacidad<\/strong><\/h4>\n<p>[\/et_pb_text][et_pb_text _builder_version=\u00bb4.24.0&#8243; _module_preset=\u00bbdefault\u00bb custom_margin=\u00bb||161px|||\u00bb global_colors_info=\u00bb{}\u00bb]<\/p>\n<table width=\"1389\">\n<tbody>\n<tr>\n<td width=\"1389\">Cuando nace un hijo nos imaginamos como ser\u00e1 su infancia, su adolescencia. A qu\u00e9 escuela ir\u00e1, que oficio tendr\u00e1. Y posteriormente esperamos que se constituyan en aportantes a la econom\u00eda familiar.<\/td>\n<\/tr>\n<\/tbody>\n<\/table>\n<p>[\/et_pb_text][et_pb_button button_url=\u00bbhttp:\/\/itineris.org.ar\/web\/wp-content\/uploads\/2024\/02\/FAMILIA-Y-DISCAPACIDAD.pdf\u00bb url_new_window=\u00bbon\u00bb button_text=\u00bbVer \/ Descargar \u00bb button_alignment=\u00bbcenter\u00bb _builder_version=\u00bb4.24.0&#8243; _module_preset=\u00bbdefault\u00bb global_colors_info=\u00bb{}\u00bb][\/et_pb_button][\/et_pb_column][et_pb_column type=\u00bb1_3&#8243; _builder_version=\u00bb4.24.0&#8243; _module_preset=\u00bbdefault\u00bb global_colors_info=\u00bb{}\u00bb][et_pb_text _builder_version=\u00bb4.24.0&#8243; _module_preset=\u00bbdefault\u00bb header_4_line_height=\u00bb1.2em\u00bb global_colors_info=\u00bb{}\u00bb]<\/p>\n<h4 style=\"text-align: center;\"><strong>Declaraci\u00f3n sobre Inclusi\u00f3n, Familia y Comunidad<\/strong><\/h4>\n<p>[\/et_pb_text][et_pb_text _builder_version=\u00bb4.24.0&#8243; _module_preset=\u00bbdefault\u00bb custom_margin=\u00bb||96px|||\u00bb global_colors_info=\u00bb{}\u00bb]<\/p>\n<table width=\"1389\">\n<tbody>\n<tr>\n<td width=\"1389\">Cien familiares se reunieron para compartir informaci\u00f3n sobre los procesos de transformaci\u00f3n hacia la inclusi\u00f3n social que est\u00e1n sucediendo en sus comunidades. Esta declaraci\u00f3n sienta las bases para la perspectiva de las familias hacia la inclusi\u00f3n plena de sus hijos<\/td>\n<\/tr>\n<\/tbody>\n<\/table>\n<p>[\/et_pb_text][et_pb_button button_url=\u00bbhttp:\/\/itineris.org.ar\/web\/wp-content\/uploads\/2024\/02\/Declaracion-sobre-inclusion-familia-y-comunidad.pdf\u00bb url_new_window=\u00bbon\u00bb button_text=\u00bbVer \/ Descargar \u00bb button_alignment=\u00bbcenter\u00bb _builder_version=\u00bb4.24.0&#8243; _module_preset=\u00bbdefault\u00bb global_colors_info=\u00bb{}\u00bb][\/et_pb_button][\/et_pb_column][et_pb_column type=\u00bb1_3&#8243; _builder_version=\u00bb4.24.0&#8243; _module_preset=\u00bbdefault\u00bb global_colors_info=\u00bb{}\u00bb][et_pb_text _builder_version=\u00bb4.24.0&#8243; _module_preset=\u00bbdefault\u00bb header_4_line_height=\u00bb1.2em\u00bb global_colors_info=\u00bb{}\u00bb]<\/p>\n<h4 style=\"text-align: center;\"><strong>Pr\u00e1cticas exitosas en la crianza de hijos con discapacidad intelectual severa<\/strong><\/h4>\n<p>[\/et_pb_text][et_pb_text _builder_version=\u00bb4.24.0&#8243; _module_preset=\u00bbdefault\u00bb global_colors_info=\u00bb{}\u00bb]<\/p>\n<table width=\"1389\">\n<tbody>\n<tr>\n<td width=\"1389\">En octubre de 2009 se llev\u00f3 a cabo un taller para 50 familias que tienen un familiar con altos requerimientos de apoyo por su discapacidad. Aqu\u00ed rescatamos sus palabras y propuestas, en un hilv\u00e1n que merece ser tenido en cuenta por los actores sociales que viven y trabajan con personas con discapacidades severas. (Publicado en El Cisne)<\/td>\n<\/tr>\n<\/tbody>\n<\/table>\n<p>[\/et_pb_text][et_pb_button button_url=\u00bbhttp:\/\/itineris.org.ar\/web\/wp-content\/uploads\/2024\/02\/Practicas-exitosas-en-la-crianza-de-hijos-con-discapacidad-intelectual-severa.pdf\u00bb url_new_window=\u00bbon\u00bb button_text=\u00bbVer \/ Descargar \u00bb button_alignment=\u00bbcenter\u00bb _builder_version=\u00bb4.24.0&#8243; _module_preset=\u00bbdefault\u00bb global_colors_info=\u00bb{}\u00bb][\/et_pb_button][\/et_pb_column][\/et_pb_row][et_pb_row column_structure=\u00bb1_3,1_3,1_3&#8243; _builder_version=\u00bb4.24.0&#8243; _module_preset=\u00bbdefault\u00bb global_colors_info=\u00bb{}\u00bb][et_pb_column type=\u00bb1_3&#8243; _builder_version=\u00bb4.24.0&#8243; _module_preset=\u00bbdefault\u00bb global_colors_info=\u00bb{}\u00bb][et_pb_text _builder_version=\u00bb4.24.0&#8243; _module_preset=\u00bbdefault\u00bb header_4_line_height=\u00bb1.2em\u00bb global_colors_info=\u00bb{}\u00bb]<\/p>\n<h4 style=\"text-align: center;\"><strong>Mi hija y yo<\/strong><\/h4>\n<p>[\/et_pb_text][et_pb_text _builder_version=\u00bb4.24.0&#8243; _module_preset=\u00bbdefault\u00bb custom_margin=\u00bb||51px|||\u00bb global_colors_info=\u00bb{}\u00bb]<\/p>\n<table width=\"1389\">\n<tbody>\n<tr>\n<td width=\"1389\">Una madre da testimonio de como evolucion\u00f3 la vida familiar a partir de la llegada de una hija con discapacidad intelectual<\/td>\n<\/tr>\n<\/tbody>\n<\/table>\n<p>[\/et_pb_text][et_pb_button button_url=\u00bbhttp:\/\/itineris.org.ar\/web\/wp-content\/uploads\/2024\/02\/Mi-hija-y-yo.pdf\u00bb url_new_window=\u00bbon\u00bb button_text=\u00bbVer \/ Descargar \u00bb button_alignment=\u00bbcenter\u00bb _builder_version=\u00bb4.24.0&#8243; _module_preset=\u00bbdefault\u00bb global_colors_info=\u00bb{}\u00bb][\/et_pb_button][\/et_pb_column][et_pb_column type=\u00bb1_3&#8243; _builder_version=\u00bb4.24.0&#8243; _module_preset=\u00bbdefault\u00bb global_colors_info=\u00bb{}\u00bb][et_pb_text _builder_version=\u00bb4.24.0&#8243; _module_preset=\u00bbdefault\u00bb header_4_line_height=\u00bb1.2em\u00bb global_colors_info=\u00bb{}\u00bb]<\/p>\n<h4 style=\"text-align: center;\"><strong>Veinte a\u00f1os no es nada<\/strong><\/h4>\n<p>[\/et_pb_text][et_pb_text _builder_version=\u00bb4.24.0&#8243; _module_preset=\u00bbdefault\u00bb global_colors_info=\u00bb{}\u00bb]<\/p>\n<table width=\"1389\">\n<tbody>\n<tr>\n<td width=\"1389\">Una madre, actriz y directora teatral, cuenta los avatares del crecimiento de su hija con discapacidad intelectual, quien necesita apoyos para sentirse bien y ser ella misma<\/td>\n<\/tr>\n<\/tbody>\n<\/table>\n<p>[\/et_pb_text][et_pb_button button_url=\u00bbhttp:\/\/itineris.org.ar\/web\/wp-content\/uploads\/2024\/02\/Veinte-anos-no-es-nada.pdf\u00bb url_new_window=\u00bbon\u00bb button_text=\u00bbVer \/ Descargar \u00bb button_alignment=\u00bbcenter\u00bb _builder_version=\u00bb4.24.0&#8243; _module_preset=\u00bbdefault\u00bb global_colors_info=\u00bb{}\u00bb][\/et_pb_button][\/et_pb_column][et_pb_column type=\u00bb1_3&#8243; _builder_version=\u00bb4.24.0&#8243; _module_preset=\u00bbdefault\u00bb global_colors_info=\u00bb{}\u00bb][\/et_pb_column][\/et_pb_row][\/et_pb_section]<\/p>\n","protected":false},"excerpt":{"rendered":"<p>Biblioteca multimediaBiblioteca multimediaFamiliasFamilia y discapacidad Cuando nace un hijo nos imaginamos como ser\u00e1 su infancia, su adolescencia. A qu\u00e9 escuela ir\u00e1, que oficio tendr\u00e1. Y posteriormente esperamos que se constituyan en aportantes a la econom\u00eda familiar. Declaraci\u00f3n sobre Inclusi\u00f3n, Familia y Comunidad Cien familiares se reunieron para compartir informaci\u00f3n sobre los procesos de transformaci\u00f3n hacia [&hellip;]<\/p>\n","protected":false},"author":2,"featured_media":0,"parent":0,"menu_order":0,"comment_status":"closed","ping_status":"closed","template":"","meta":{"_et_pb_use_builder":"on","_et_pb_old_content":"<!-- wp:divi\/placeholder \/-->","_et_gb_content_width":"","footnotes":""},"class_list":["post-300","page","type-page","status-publish","hentry"],"_links":{"self":[{"href":"https:\/\/itineris.org.ar\/web\/wp-json\/wp\/v2\/pages\/300","targetHints":{"allow":["GET"]}}],"collection":[{"href":"https:\/\/itineris.org.ar\/web\/wp-json\/wp\/v2\/pages"}],"about":[{"href":"https:\/\/itineris.org.ar\/web\/wp-json\/wp\/v2\/types\/page"}],"author":[{"embeddable":true,"href":"https:\/\/itineris.org.ar\/web\/wp-json\/wp\/v2\/users\/2"}],"replies":[{"embeddable":true,"href":"https:\/\/itineris.org.ar\/web\/wp-json\/wp\/v2\/comments?post=300"}],"version-history":[{"count":8,"href":"https:\/\/itineris.org.ar\/web\/wp-json\/wp\/v2\/pages\/300\/revisions"}],"predecessor-version":[{"id":682,"href":"https:\/\/itineris.org.ar\/web\/wp-json\/wp\/v2\/pages\/300\/revisions\/682"}],"wp:attachment":[{"href":"https:\/\/itineris.org.ar\/web\/wp-json\/wp\/v2\/media?parent=300"}],"curies":[{"name":"wp","href":"https:\/\/api.w.org\/{rel}","templated":true}]}}